{"id":3621,"date":"2024-08-15T12:43:26","date_gmt":"2024-08-15T19:43:26","guid":{"rendered":"https:\/\/www.diocalconvention.org\/175-convention\/2024resolutions\/diocesan-support-aed\/"},"modified":"2024-08-29T14:44:19","modified_gmt":"2024-08-29T21:44:19","slug":"diocesan-support-aed","status":"publish","type":"page","link":"https:\/\/www.diocalconvention.org\/es\/175-convention\/2024resolutions\/diocesan-support-aed\/","title":{"rendered":"Apoyo diocesano a la Asociaci\u00f3n de Di\u00e1conos Episcopales"},"content":{"rendered":"<p>[et_pb_section fb_built=\u00bb1&#8243; admin_label=\u00bbHeader\u00bb _builder_version=\u00bb4.16&#8243; custom_padding=\u00bb||0px|||\u00bb custom_width_px__hover=\u00bb1080px\u00bb custom_width_px__hover_enabled=\u00bb1080px\u00bb custom_width_percent__hover=\u00bb80%\u00bb custom_width_percent__hover_enabled=\u00bb80%\u00bb global_colors_info=\u00bb{}\u00bb make_fullwidth__hover=\u00bboff\u00bb make_fullwidth__hover_enabled=\u00bboff\u00bb use_custom_width__hover=\u00bboff\u00bb use_custom_width__hover_enabled=\u00bboff\u00bb width_unit__hover=\u00bbon\u00bb width_unit__hover_enabled=\u00bbon\u00bb][et_pb_row _builder_version=\u00bb4.16&#8243; use_custom_width=\u00bbon\u00bb custom_width_px=\u00bb1280px\u00bb custom_width_px__hover=\u00bb1080px\u00bb custom_width_px__hover_enabled=\u00bb1080px\u00bb custom_width_percent__hover=\u00bb80%\u00bb custom_width_percent__hover_enabled=\u00bb80%\u00bb global_colors_info=\u00bb{}\u00bb make_fullwidth__hover=\u00bboff\u00bb make_fullwidth__hover_enabled=\u00bboff\u00bb use_custom_width__hover=\u00bboff\u00bb use_custom_width__hover_enabled=\u00bboff\u00bb width_unit__hover=\u00bbon\u00bb width_unit__hover_enabled=\u00bbon\u00bb][et_pb_column type=\u00bb4_4&#8243; _builder_version=\u00bb4.16&#8243; global_colors_info=\u00bb{}\u00bb padding_tablet=\u00bb30px||10px\u00bb padding_last_edited=\u00bbon|tablet\u00bb padding_phone=\u00bb30px||10px\u00bb][et_pb_text _builder_version=\u00bb4.21.0&#8243; _module_preset=\u00bbdefault\u00bb header_font=\u00bbVidaloka||||||||\u00bb header_text_align=\u00bbcenter\u00bb header_font_size=\u00bb60px\u00bb header_line_height=\u00bb1.15em\u00bb global_colors_info=\u00bb{}\u00bb]<\/p>\n<h1 class=\"font_3\" style=\"text-align: left;\"><strong><span>Resoluci\u00f3n n\u00ba 4:  <\/span><\/strong><\/h1>\n<p><strong><span><span style=\"font-size: xx-large;\">Apoyo diocesano a la Asociaci\u00f3n de Di\u00e1conos Episcopales<\/span><br \/><\/span><\/strong><\/p>\n<p>[\/et_pb_text][\/et_pb_column][\/et_pb_row][\/et_pb_section][et_pb_section fb_built=\u00bb1&#8243; admin_label=\u00bbContent\u00bb module_id=\u00bbcontenido\u00bb _builder_version=\u00bb4.16&#8243; min_height=\u00bb1847px\u00bb custom_margin=\u00bb||-325px|||\u00bb custom_padding=\u00bb5px||13px|||\u00bb custom_width_px__hover=\u00bb1080px\u00bb custom_width_px__hover_enabled=\u00bb1080px\u00bb custom_width_percent__hover=\u00bb80%\u00bb custom_width_percent__hover_enabled=\u00bb80%\u00bb global_colors_info=\u00bb{}\u00bb make_fullwidth__hover=\u00bboff\u00bb make_fullwidth__hover_enabled=\u00bboff\u00bb use_custom_width__hover=\u00bboff\u00bb use_custom_width__hover_enabled=\u00bboff\u00bb width_unit__hover=\u00bbon\u00bb width_unit__hover_enabled=\u00bbon\u00bb][et_pb_row _builder_version=\u00bb4.17.6&#8243; _module_preset=\u00bbdefault\u00bb global_colors_info=\u00bb{}\u00bb][et_pb_column type=\u00bb4_4&#8243; _builder_version=\u00bb4.17.6&#8243; _module_preset=\u00bbdefault\u00bb global_colors_info=\u00bb{}\u00bb][et_pb_text _builder_version=\u00bb4.27.0&#8243; _module_preset=\u00bbdefault\u00bb text_font_size=\u00bb18px\u00bb text_line_height=\u00bb1.8em\u00bb header_4_font_size=\u00bb20px\u00bb custom_padding=\u00bb||0px|||\u00bb text_font_size_tablet=\u00bb18px\u00bb text_font_size_phone=\u00bb13px\u00bb text_font_size_last_edited=\u00bbon|phone\u00bb global_colors_info=\u00bb{}\u00bb]<\/p>\n<p class=\"font_8\"><strong>\u00daltima actualizaci\u00f3n: <\/strong>16 de agosto de 2024<\/p>\n<p>[\/et_pb_text][\/et_pb_column][\/et_pb_row][et_pb_row _builder_version=\u00bb4.16&#8243; use_custom_width=\u00bbon\u00bb custom_width_px=\u00bb1280px\u00bb custom_width_px__hover=\u00bb1080px\u00bb custom_width_px__hover_enabled=\u00bb1080px\u00bb custom_width_percent__hover=\u00bb80%\u00bb custom_width_percent__hover_enabled=\u00bb80%\u00bb global_colors_info=\u00bb{}\u00bb use_custom_width__hover=\u00bboff\u00bb use_custom_width__hover_enabled=\u00bboff\u00bb width_unit__hover=\u00bbon\u00bb width_unit__hover_enabled=\u00bbon\u00bb make_fullwidth__hover=\u00bboff\u00bb make_fullwidth__hover_enabled=\u00bboff\u00bb][et_pb_column type=\u00bb4_4&#8243; _builder_version=\u00bb4.16&#8243; custom_padding=\u00bb|||\u00bb global_colors_info=\u00bb{}\u00bb custom_padding__hover=\u00bb|||\u00bb][et_pb_text _builder_version=\u00bb4.21.0&#8243; _module_preset=\u00bb7262e956-c376-4aa6-9642-c413f71527d0&#8243; text_font_size=\u00bb18px\u00bb text_line_height=\u00bb1.8em\u00bb header_4_font_size=\u00bb20px\u00bb custom_margin=\u00bb-1px||29px|||\u00bb text_font_size_tablet=\u00bb\u00bb text_font_size_phone=\u00bb13px\u00bb text_font_size_last_edited=\u00bbon|phone\u00bb header_font_size_tablet=\u00bb55px\u00bb header_font_size_last_edited=\u00bboff|desktop\u00bb global_colors_info=\u00bb{}\u00bb]<\/p>\n<h4 class=\"font_8\"><em><strong>Estatus<\/strong><\/em><\/h4>\n<p class=\"font_8\">La Comisi\u00f3n de Resoluciones est\u00e1 revisando esta resoluci\u00f3n en conversaci\u00f3n con los proponentes.<\/p>\n<p>[\/et_pb_text][et_pb_text _builder_version=\u00bb4.23.1&#8243; _module_preset=\u00bb7262e956-c376-4aa6-9642-c413f71527d0&#8243; text_font_size=\u00bb18px\u00bb text_line_height=\u00bb1.8em\u00bb link_text_color=\u00bb#407EC9&#8243; header_4_font_size=\u00bb20px\u00bb custom_margin=\u00bb-1px||1px|||\u00bb text_font_size_tablet=\u00bb\u00bb text_font_size_phone=\u00bb13px\u00bb text_font_size_last_edited=\u00bbon|phone\u00bb header_font_size_tablet=\u00bb55px\u00bb header_font_size_last_edited=\u00bboff|desktop\u00bb global_colors_info=\u00bb{}\u00bb]<\/p>\n<p><span><em><strong>Resuelto,<\/strong><\/em> <\/span><span>Que el 175<\/span><span>la<\/span><span> Convenci\u00f3n de la Di\u00f3cesis de California se une a la 81<\/span><span>st<\/span><span> Convenci\u00f3n General de la Iglesia Episcopal en la celebraci\u00f3n y el apoyo al ministerio de los di\u00e1conos y especialmente al ministerio de la Asociaci\u00f3n de Di\u00e1conos Episcopales (AED), tal y como se refleja en la Resoluci\u00f3n D023-2024 de la Convenci\u00f3n General;<\/span><\/p>\n<p><span><em><strong>Resuelve,<\/strong><\/em> <\/span><span>Que esta Convenci\u00f3n anima encarecidamente a las congregaciones de esta di\u00f3cesis a apoyar el trabajo de la AED pagando la afiliaci\u00f3n a la AED de cada uno de sus di\u00e1conos asignados durante 2025.<\/span><\/p>\n<p><span><em><strong>Resuelve,<\/strong><\/em> <\/span><span>Que esta Convenci\u00f3n solicite que el Consejo Ejecutivo de la Di\u00f3cesis y su Comit\u00e9 de Programa y Presupuesto incluyan el apoyo a AED en el presupuesto diocesano, a partir del a\u00f1o fiscal 2026, mediante el pago de la afiliaci\u00f3n a AED de cada uno de los di\u00e1conos activos y jubilados can\u00f3nicamente residentes en la Di\u00f3cesis de California.<\/span><\/p>\n<p><strong>Exp<\/strong><strong>lanaci\u00f3n: <\/strong> <\/p>\n<p>La 81\u00aa Convenci\u00f3n General aprob\u00f3 <a href=\"https:\/\/www.vbinder.net\/resolutions\/653?house=HD&amp;lang=en\">la Resoluci\u00f3n D023<\/a><a href=\"https:\/\/www.vbinder.net\/resolutions\/653?house=HD&amp;lang=en\">(https:\/\/www.vbinder.net\/resolutions\/653?house=HD&amp;lang=en)<\/a>, que dice en parte: \u00abQue la Convenci\u00f3n anime a individuos, congregaciones, seminarios, di\u00f3cesis y jurisdicciones a apoyar el trabajo de la AED haci\u00e9ndose miembros, participando en sus conferencias y actividades, y comprometi\u00e9ndose con el trabajo de <em>la diacon\u00eda<\/em> en sus propios contextos\u00bb.<\/p>\n<p>AED<span><a href=\"https:\/\/www.episcopaldeacons.org\/\">(https:\/\/www.episcopaldeacons.org\/)<\/a> es <\/span>una asociaci\u00f3n de miembros de la Iglesia Episcopal cuya misi\u00f3n es aumentar la participaci\u00f3n e implicaci\u00f3n de todos los bautizados en el ministerio diaconal de Cristo.<br \/>\nEsta organizaci\u00f3n proporciona valiosos recursos a los di\u00e1conos que, de otro modo, no estar\u00edan disponibles.<br \/>\n(Cabe se\u00f1alar que, hist\u00f3ricamente, la mayor\u00eda de los di\u00e1conos no han sido estipendiarios o s\u00f3lo han recibido estipendios nominales; pagar cuotas profesionales en su nombre ser\u00eda una buena forma de apoyar a nuestros di\u00e1conos en su ministerio).  <\/p>\n<p>Hacemos un llamamiento a la Di\u00f3cesis de California para que ayude a la AED en su labor de promoci\u00f3n y apoyo a los di\u00e1conos y a su ministerio.<br \/>\nLos recursos financieros de AED son limitados, ya que la mayor parte de su financiaci\u00f3n procede de las cuotas de los miembros.<br \/>\nUna forma de que la di\u00f3cesis apoye a AED es garantizar que todos nuestros di\u00e1conos sean miembros de la organizaci\u00f3n.<br \/>\nActualmente, la afiliaci\u00f3n cuesta 100$ al a\u00f1o para los di\u00e1conos menores de 72 a\u00f1os y 50$ al a\u00f1o para los di\u00e1conos mayores de 72 a\u00f1os.   <\/p>\n<p><strong>Presentado por:<\/strong> Rev. Jon Owens, Iglesia de Cristo, Sausalito<\/p>\n<p><strong>Apoyado por:<\/strong> El Consejo de Di\u00e1conos de la Di\u00f3cesis de California; Di\u00e1cono Pam Jester, All Saints&#8217;, San Leandro<\/p>\n<ol><\/ol>\n<blockquote><\/blockquote>\n<p>[\/et_pb_text][\/et_pb_column][\/et_pb_row][\/et_pb_section][et_pb_section fb_built=\u00bb1&#8243; admin_label=\u00bbComments\u00bb _builder_version=\u00bb4.16&#8243; min_height=\u00bb945.2px\u00bb custom_margin=\u00bb-7px|||||\u00bb global_colors_info=\u00bb{}\u00bb][et_pb_row _builder_version=\u00bb4.16&#8243; custom_padding=\u00bb0px|||||\u00bb use_custom_width=\u00bbon\u00bb custom_width_px=\u00bb1280px\u00bb global_colors_info=\u00bb{}\u00bb][et_pb_column type=\u00bb4_4&#8243; _builder_version=\u00bb4.16&#8243; custom_padding=\u00bb|||\u00bb global_colors_info=\u00bb{}\u00bb custom_padding__hover=\u00bb|||\u00bb][et_pb_comments show_avatar=\u00bboff\u00bb show_count=\u00bboff\u00bb _builder_version=\u00bb4.17.6&#8243; form_field_background_color=\u00bbRGBA(0,0,0,0)\u00bb form_field_text_color=\u00bb#161616&#8243; header_level=\u00bbh4&#8243; header_font=\u00bbWork Sans|700|||||||\u00bb header_font_size=\u00bb18px\u00bb header_line_height=\u00bb1.4em\u00bb title_font=\u00bbVidaloka||||||||\u00bb form_field_font_size=\u00bb16px\u00bb form_field_line_height=\u00bb1.8em\u00bb custom_button=\u00bbon\u00bb button_text_size=\u00bb16px\u00bb button_text_color=\u00bb#161616&#8243; button_bg_color=\u00bb#e3e1dd\u00bb button_border_width=\u00bb0px\u00bb button_border_radius=\u00bb0px\u00bb button_font=\u00bbVidaloka||||||||\u00bb button_custom_padding=\u00bb10px|24px|10px|24px|true|true\u00bb button_text_size_tablet=\u00bb17px\u00bb button_text_size_phone=\u00bb16px\u00bb button_text_size_last_edited=\u00bbon|desktop\u00bb border_radii_fields=\u00bbon|0px|0px|0px|0px\u00bb border_width_all_fields=\u00bb1px\u00bb border_color_all_fields=\u00bb#E3E1DD\u00bb form_background_color=\u00bbrgba(26,10,56,0.03)\u00bb global_colors_info=\u00bb{%22gcid-70e8f1e6-78eb-4f52-a811-0c9b614afdc2%22:%91%93}\u00bb button_bg_color__hover_enabled=\u00bboff|hover\u00bb][\/et_pb_comments][\/et_pb_column][\/et_pb_row][\/et_pb_section][et_pb_section fb_built=\u00bb1&#8243; _builder_version=\u00bb4.20.0&#8243; _module_preset=\u00bbdefault\u00bb background_color=\u00bb#407EC9&#8243; custom_padding=\u00bb52px||0px||false|false\u00bb global_colors_info=\u00bb{}\u00bb][et_pb_row column_structure=\u00bb1_4,1_4,1_4,1_4&#8243; _builder_version=\u00bb4.20.0&#8243; _module_preset=\u00bbdefault\u00bb custom_margin=\u00bb0px||||false|false\u00bb custom_padding=\u00bb0px||||false|false\u00bb global_colors_info=\u00bb{}\u00bb][et_pb_column type=\u00bb1_4&#8243; _builder_version=\u00bb4.20.0&#8243; _module_preset=\u00bbdefault\u00bb global_colors_info=\u00bb{}\u00bb][et_pb_text _builder_version=\u00bb4.16&#8243; _module_preset=\u00bb02f5c320-775b-4d11-8071-fc88eaf60662&#8243; text_text_color=\u00bb#ffffff\u00bb link_text_color=\u00bb#5BC2E7&#8243; header_3_text_color=\u00bb#ffffff\u00bb global_colors_info=\u00bb{}\u00bb]<\/p>\n<h3><strong>MANTENTE CONECTADO<\/strong><\/h3>\n<p>Di\u00f3cesis Episcopal de California<br \/><span>1055 Taylor Street<\/span><br \/><span>San Francisco, CA 94108<\/span><br \/><strong>(415) 673-5015<\/strong><\/p>\n<p>[\/et_pb_text][et_pb_social_media_follow _builder_version=\u00bb4.16&#8243; _module_preset=\u00bbdefault\u00bb global_colors_info=\u00bb{}\u00bb][et_pb_social_media_follow_network social_network=\u00bbfacebook\u00bb url=\u00bbhttps:\/\/www.facebook.com\/DioCalifornia\u00bb _builder_version=\u00bb4.16&#8243; _module_preset=\u00bbdefault\u00bb background_color=\u00bb#3b5998&#8243; global_colors_info=\u00bb{}\u00bb follow_button=\u00bboff\u00bb url_new_window=\u00bbon\u00bb]facebook[\/et_pb_social_media_follow_network][et_pb_social_media_follow_network social_network=\u00bbtwitter\u00bb url=\u00bbhttps:\/\/twitter.com\/DioCal\u00bb _builder_version=\u00bb4.22.2&#8243; _module_preset=\u00bbdefault\u00bb background_color=\u00bb#000000&#8243; global_colors_info=\u00bb{}\u00bb follow_button=\u00bboff\u00bb url_new_window=\u00bbon\u00bb]twitter[\/et_pb_social_media_follow_network][et_pb_social_media_follow_network social_network=\u00bbinstagram\u00bb url=\u00bbhttps:\/\/www.instagram.com\/diocalifornia\/\u00bb _builder_version=\u00bb4.16&#8243; _module_preset=\u00bbdefault\u00bb background_color=\u00bb#ea2c59&#8243; global_colors_info=\u00bb{}\u00bb follow_button=\u00bboff\u00bb url_new_window=\u00bbon\u00bb]instagram[\/et_pb_social_media_follow_network][\/et_pb_social_media_follow][\/et_pb_column][et_pb_column type=\u00bb1_4&#8243; _builder_version=\u00bb4.16&#8243; _module_preset=\u00bbdefault\u00bb global_colors_info=\u00bb{}\u00bb][et_pb_text _builder_version=\u00bb4.16&#8243; _module_preset=\u00bb02f5c320-775b-4d11-8071-fc88eaf60662&#8243; text_text_color=\u00bb#ffffff\u00bb link_font=\u00bb|||||||#407EC9|\u00bb link_text_color=\u00bb#ffffff\u00bb ul_text_color=\u00bb#ffffff\u00bb header_3_text_color=\u00bb#ffffff\u00bb global_colors_info=\u00bb{}\u00bb]<\/p>\n<h3><strong>SUSCRIPCI\u00d3N AL BOLET\u00cdN<\/strong><\/h3>\n<ul>\n<li><a href=\"https:\/\/www.diocal.org\/past-diocesan-newsletters\/\" title=\"Bolet\u00edn Diocesano\"><a href=\"https:\/\/www.diocal.org\/past-diocesan-newsletters\/\">Bolet\u00edn Diocesano<\/a><\/a><\/li>\n<li><a href=\"https:\/\/www.diocal.org\/connect-with-the-diocese\/\" title=\"Bolet\u00edn de Formaci\u00f3n en la Fe\"><a href=\"https:\/\/www.diocal.org\/connect-with-the-diocese\/\">Bolet\u00edn de Formaci\u00f3n en la Fe<\/a><\/a><\/li>\n<li><a href=\"http:\/\/www.episcopalimpact.org\/join-our-mailing-list\" title=\"Bolet\u00edn del Fondo Episcopal de Impacto\" target=\"_blank\" rel=\"noopener\"><a href=\"http:\/\/www.episcopalimpact.org\/join-our-mailing-list\">Bolet\u00edn del Fondo Episcopal de Impacto<\/a><\/a><\/li>\n<\/ul>\n<p>[\/et_pb_text][\/et_pb_column][et_pb_column type=\u00bb1_4&#8243; _builder_version=\u00bb4.16&#8243; _module_preset=\u00bbdefault\u00bb global_colors_info=\u00bb{}\u00bb][et_pb_text _builder_version=\u00bb4.16&#8243; _module_preset=\u00bb02f5c320-775b-4d11-8071-fc88eaf60662&#8243; text_text_color=\u00bb#ffffff\u00bb link_font=\u00bb|||||||#407EC9|\u00bb link_text_color=\u00bb#ffffff\u00bb ul_text_color=\u00bb#ffffff\u00bb header_3_text_color=\u00bb#ffffff\u00bb global_colors_info=\u00bb{}\u00bb]<\/p>\n<h3><strong>QUICKLINKS<\/strong><\/h3>\n<ul class=\"menu\">\n<li><a href=\"https:\/\/www.diocal.org\/calendars\/category\/bishops-calendar\/\"><a href=\"https:\/\/www.diocal.org\/calendars\/category\/bishops-calendar\/\">Calendario del Obispo<\/a><\/a><\/li>\n<li class=\"first leaf\"><a href=\"https:\/\/www.diocal.org\/\"><a href=\"https:\/\/www.diocal.org\/\">DioCal Inicio<\/a><\/a><\/li>\n<li class=\"first leaf\"><a href=\"https:\/\/www.diocal.org\/congregations\/\"><a href=\"https:\/\/www.diocal.org\/congregations\/\">Directorio de Congregaciones<\/a><\/a><\/li>\n<li class=\"leaf\"><a href=\"https:\/\/www.diocal.org\/confirmation\"><a href=\"https:\/\/www.diocal.org\/confirmation\">Confirmaci\u00f3n<\/a><\/a><\/li>\n<li class=\"leaf\"><a href=\"https:\/\/www.diocalconvention.org\/es\/\">Convenci\u00f3n<\/a><\/li>\n<li class=\"leaf\"><a href=\"https:\/\/www.diocal.org\/events\/\"><a href=\"https:\/\/www.diocal.org\/events\/\">Calendario Diocesano<\/a><\/a><\/li>\n<\/ul>\n<ul><\/ul>\n<ul class=\"menu\"><\/ul>\n<p>[\/et_pb_text][\/et_pb_column][et_pb_column type=\u00bb1_4&#8243; _builder_version=\u00bb4.16&#8243; _module_preset=\u00bbdefault\u00bb global_colors_info=\u00bb{}\u00bb][et_pb_text _builder_version=\u00bb4.16&#8243; _module_preset=\u00bb02f5c320-775b-4d11-8071-fc88eaf60662&#8243; text_text_color=\u00bb#ffffff\u00bb link_font=\u00bb|||||||#407EC9|\u00bb link_text_color=\u00bb#ffffff\u00bb ul_text_color=\u00bb#ffffff\u00bb header_3_text_color=\u00bb#ffffff\u00bb global_colors_info=\u00bb{}\u00bb]<\/p>\n<ul class=\"menu\">\n<li><a href=\"https:\/\/www.episcopalimpact.org\/donate-now\" target=\"_blank\" rel=\"noopener\"><a href=\"https:\/\/www.episcopalimpact.org\/donate-now\">Fondo Episcopal de Impacto<\/a><\/a><\/li>\n<li class=\"leaf\"><a href=\"https:\/\/www.diocal.org\/finance-and-administration\/\"><a href=\"https:\/\/www.diocal.org\/finance-and-administration\/\">Administraci\u00f3n Financiera<\/a><\/a><\/li>\n<li class=\"leaf\"><a href=\"https:\/\/www.diocal.org\/healing-racism-resources\/\"><a href=\"https:\/\/www.diocal.org\/healing-racism-resources\/\">Recursos para sanar el racismo<\/a><\/a><\/li>\n<li class=\"leaf\"><a href=\"https:\/\/www.diocal.org\/job-opportunities\/\" title=\"recursos\/oportunidades de empleo\"><a href=\"https:\/\/www.diocal.org\/job-opportunities\/\">Oportunidades de empleo<\/a><\/a><\/li>\n<li class=\"leaf\"><a href=\"https:\/\/www.diocal.org\/resource\/finance-and-operations\/\"><a href=\"https:\/\/www.diocal.org\/resource\/finance-and-operations\/\">N\u00f3minas y prestaciones<\/a><\/a><\/li>\n<li class=\"leaf\"><a href=\"https:\/\/www.diocal.org\/directory\/\" title=\"Miembros del personal de la Casa Diocesana\"><a href=\"https:\/\/www.diocal.org\/directory\/\">Directorio de personal<\/a><\/a><\/li>\n<li class=\"leaf\"><a href=\"https:\/\/www.diocal.org\/whole-and-healthy-church\/\"><a href=\"https:\/\/www.diocal.org\/whole-and-healthy-church\/\">Iglesia \u00edntegra y sana<\/a><\/a><\/li>\n<\/ul>\n<ul><\/ul>\n<ul class=\"menu\"><\/ul>\n<p>[\/et_pb_text][\/et_pb_column][\/et_pb_row][et_pb_row _builder_version=\u00bb4.16&#8243; _module_preset=\u00bbdefault\u00bb global_colors_info=\u00bb{}\u00bb][et_pb_column type=\u00bb4_4&#8243; _builder_version=\u00bb4.16&#8243; _module_preset=\u00bbdefault\u00bb global_colors_info=\u00bb{}\u00bb][et_pb_text _builder_version=\u00bb4.20.0&#8243; _module_preset=\u00bb02f5c320-775b-4d11-8071-fc88eaf60662&#8243; text_text_color=\u00bb#ffffff\u00bb link_font=\u00bb|||||||#407EC9|\u00bb link_text_color=\u00bb#ffffff\u00bb global_colors_info=\u00bb{}\u00bb]<\/p>\n<p style=\"text-align: center\"><a href=\"https:\/\/www.diocal.org\/privacy-policy\/\">Pol\u00edtica de privacidad<\/a> | <a href=\"https:\/\/www.diocalconvention.org\/wp-sitemap.xml\">Mapa del sitio<\/a><br \/><span>501(c)(3) organizaci\u00f3n exenta de impuestos | \u00a9 2021 La Di\u00f3cesis Episcopal de California.<br \/>\nTodos los derechos reservados.   <\/span><\/p>\n<p>[\/et_pb_text][\/et_pb_column][\/et_pb_row][\/et_pb_section]<\/p>\n","protected":false},"excerpt":{"rendered":"<p>Resoluci\u00f3n n\u00ba 4: Apoyo diocesano a la Asociaci\u00f3n de Di\u00e1conos Episcopales\u00daltima actualizaci\u00f3n: 16 de agosto de 2024Estatus La Comisi\u00f3n de Resoluciones est\u00e1 revisando esta resoluci\u00f3n en conversaci\u00f3n con los proponentes.Resuelto, [&hellip;]<\/p>\n","protected":false},"author":5,"featured_media":0,"parent":3374,"menu_order":0,"comment_status":"open","ping_status":"closed","template":"","meta":{"_et_pb_use_builder":"on","_et_pb_old_content":"","_et_gb_content_width":"","footnotes":""},"class_list":["post-3621","page","type-page","status-publish","hentry"],"featured_image_src":null,"featured_image_src_square":null,"jetpack_sharing_enabled":true,"_links":{"self":[{"href":"https:\/\/www.diocalconvention.org\/es\/wp-json\/wp\/v2\/pages\/3621","targetHints":{"allow":["GET"]}}],"collection":[{"href":"https:\/\/www.diocalconvention.org\/es\/wp-json\/wp\/v2\/pages"}],"about":[{"href":"https:\/\/www.diocalconvention.org\/es\/wp-json\/wp\/v2\/types\/page"}],"author":[{"embeddable":true,"href":"https:\/\/www.diocalconvention.org\/es\/wp-json\/wp\/v2\/users\/5"}],"replies":[{"embeddable":true,"href":"https:\/\/www.diocalconvention.org\/es\/wp-json\/wp\/v2\/comments?post=3621"}],"version-history":[{"count":4,"href":"https:\/\/www.diocalconvention.org\/es\/wp-json\/wp\/v2\/pages\/3621\/revisions"}],"predecessor-version":[{"id":3627,"href":"https:\/\/www.diocalconvention.org\/es\/wp-json\/wp\/v2\/pages\/3621\/revisions\/3627"}],"up":[{"embeddable":true,"href":"https:\/\/www.diocalconvention.org\/es\/wp-json\/wp\/v2\/pages\/3374"}],"wp:attachment":[{"href":"https:\/\/www.diocalconvention.org\/es\/wp-json\/wp\/v2\/media?parent=3621"}],"curies":[{"name":"wp","href":"https:\/\/api.w.org\/{rel}","templated":true}]}}