{"id":3811,"date":"2024-09-06T13:52:14","date_gmt":"2024-09-06T20:52:14","guid":{"rendered":"https:\/\/www.diocalconvention.org\/2023alldeanerymeetings-copy\/"},"modified":"2025-08-29T13:21:33","modified_gmt":"2025-08-29T20:21:33","slug":"2025alldeanerymeetings","status":"publish","type":"page","link":"https:\/\/www.diocalconvention.org\/es\/176-convention\/2025alldeanerymeetings\/","title":{"rendered":"All-deanery meetings 2025"},"content":{"rendered":"<p>[et_pb_section fb_built=\u00bb1&#8243; admin_label=\u00bbHeader\u00bb _builder_version=\u00bb4.27.0&#8243; use_background_color_gradient=\u00bbon\u00bb background_color_gradient_stops=\u00bb#3c466e 0%|#3c466e 99%\u00bb background_color_gradient_overlays_image=\u00bbon\u00bb background_color_gradient_start=\u00bb#393e56&#8243; background_color_gradient_end=\u00bbrgba(57,62,86,0.82)\u00bb background_enable_image=\u00bboff\u00bb custom_margin=\u00bb|||\u00bb custom_padding=\u00bb||1vw||false|false\u00bb bottom_divider_style=\u00bbwave2&#8243; bottom_divider_color=\u00bb#ffffff\u00bb bottom_divider_height=\u00bb10vw\u00bb bottom_divider_repeat=\u00bb0.5x\u00bb bottom_divider_flip=\u00bbvertical|horizontal\u00bb bottom_divider_arrangement=\u00bbabove_content\u00bb bottom_divider_height_tablet=\u00bb0px\u00bb bottom_divider_height_phone=\u00bb0px\u00bb bottom_divider_height_last_edited=\u00bbon|phone\u00bb global_colors_info=\u00bb{}\u00bb][et_pb_row _builder_version=\u00bb4.16&#8243; global_colors_info=\u00bb{}\u00bb][et_pb_column type=\u00bb4_4&#8243; _builder_version=\u00bb4.16&#8243; custom_padding=\u00bb|||\u00bb global_colors_info=\u00bb{}\u00bb custom_padding__hover=\u00bb|||\u00bb][et_pb_text _builder_version=\u00bb4.27.0&#8243; text_font=\u00bb||||||||\u00bb text_font_size=\u00bb16px\u00bb text_line_height=\u00bb2em\u00bb header_font_size=\u00bb5vw\u00bb header_line_height=\u00bb1.2em\u00bb header_2_text_color=\u00bb#ffffff\u00bb header_3_font=\u00bbUbuntu||||||||\u00bb header_3_line_height=\u00bb1.8em\u00bb text_orientation=\u00bbright\u00bb background_layout=\u00bbdark\u00bb module_alignment=\u00bbright\u00bb custom_margin=\u00bb||3em||false|false\u00bb custom_padding=\u00bb||61px|||\u00bb text_font_size_tablet=\u00bb\u00bb text_font_size_phone=\u00bb14px\u00bb text_font_size_last_edited=\u00bbon|desktop\u00bb header_font_size_tablet=\u00bb\u00bb header_font_size_phone=\u00bb32px\u00bb header_font_size_last_edited=\u00bbon|desktop\u00bb locked=\u00bboff\u00bb global_colors_info=\u00bb{}\u00bb]<\/p>\n<h2 class=\"font_2\" style=\"text-align: center;\"><span>2025<\/span><\/h2>\n<h1 class=\"font_2\" style=\"text-align: center;\"><span>All-deanery meetings<\/span><\/h1>\n<p>&nbsp;<\/p>\n<p>[\/et_pb_text][\/et_pb_column][\/et_pb_row][\/et_pb_section][et_pb_section fb_built=\u00bb1&#8243; prev_background_color=\u00bb#ffffff\u00bb admin_label=\u00bbEvents\u00bb _builder_version=\u00bb4.27.2&#8243; background_color=\u00bb#ffffff\u00bb use_background_color_gradient=\u00bbon\u00bb background_color_gradient_stops=\u00bb#ffffff 1%|#ffffff 100%\u00bb custom_margin=\u00bb|||\u00bb custom_margin_tablet=\u00bb|0px||\u00bb custom_margin_last_edited=\u00bboff|desktop\u00bb custom_padding=\u00bb3vw||54px||false|false\u00bb top_divider_style=\u00bbwave2&#8243; top_divider_height=\u00bb14vw\u00bb top_divider_repeat=\u00bb0.5x\u00bb top_divider_flip=\u00bbhorizontal\u00bb locked=\u00bboff\u00bb global_colors_info=\u00bb{}\u00bb][et_pb_row column_structure=\u00bb1_2,1_2&#8243; _builder_version=\u00bb4.21.0&#8243; _module_preset=\u00bbdefault\u00bb global_colors_info=\u00bb{}\u00bb][et_pb_column type=\u00bb1_2&#8243; _builder_version=\u00bb4.21.0&#8243; _module_preset=\u00bbdefault\u00bb global_colors_info=\u00bb{}\u00bb][et_pb_video src=\u00bbhttps:\/\/youtu.be\/aYO4CzeaAAs\u00bb _builder_version=\u00bb4.27.2&#8243; _module_preset=\u00bbdefault\u00bb hover_enabled=\u00bb0&#8243; sticky_enabled=\u00bb0&#8243;][\/et_pb_video][et_pb_text _builder_version=\u00bb4.27.2&#8243; _module_preset=\u00bbdefault\u00bb custom_margin=\u00bb||16px|||\u00bb hover_enabled=\u00bb0&#8243; global_colors_info=\u00bb{}\u00bb sticky_enabled=\u00bb0&#8243;]<\/p>\n<h3 style=\"text-align: left;\"><strong>All-Deanery Budget Meeting<\/strong><\/h3>\n<p>[\/et_pb_text][et_pb_text _builder_version=\u00bb4.27.2&#8243; _module_preset=\u00bbdefault\u00bb text_font_size=\u00bb18px\u00bb link_text_color=\u00bb#407EC9&#8243; custom_margin=\u00bb||-3px|||\u00bb global_colors_info=\u00bb{}\u00bb]<\/p>\n<p><span>Hear how the budget is developed and a narrative overview of the 2026 budget by our Canon for Diocesan Finance, the Rev. Canon Michele Racusin, and our Canon to the Ordinary, the Rev. Canon Sierra Reyes.<\/span><\/p>\n<p><strong>Resources: <\/strong><\/p>\n<ul>\n<li><a href=\"https:\/\/youtu.be\/aYO4CzeaAAs\" target=\"_blank\" rel=\"noopener\">Watch the full meeting in English<\/a><\/li>\n<li><a href=\"https:\/\/www.diocalconvention.org\/wp-content\/uploads\/2025\/08\/2026-Budget-presentation-to-Diocese.pdf\" target=\"_blank\" rel=\"noopener\">View the slides<\/a><\/li>\n<\/ul>\n<ul><\/ul>\n<p>[\/et_pb_text][\/et_pb_column][et_pb_column type=\u00bb1_2&#8243; _builder_version=\u00bb4.21.0&#8243; _module_preset=\u00bbdefault\u00bb global_colors_info=\u00bb{}\u00bb][et_pb_video src=\u00bbhttps:\/\/youtu.be\/OeJpMOs7934&#8243; _builder_version=\u00bb4.27.2&#8243; _module_preset=\u00bbdefault\u00bb hover_enabled=\u00bb0&#8243; sticky_enabled=\u00bb0&#8243;][\/et_pb_video][et_pb_text _builder_version=\u00bb4.27.2&#8243; _module_preset=\u00bbdefault\u00bb custom_margin=\u00bb||16px|||\u00bb hover_enabled=\u00bb0&#8243; global_colors_info=\u00bb{}\u00bb sticky_enabled=\u00bb0&#8243;]<\/p>\n<h3 style=\"text-align: left;\"><strong>Reuni\u00f3n de presupuesto de todo el decanato<\/strong><\/h3>\n<p>[\/et_pb_text][et_pb_text _builder_version=\u00bb4.27.2&#8243; _module_preset=\u00bbdefault\u00bb text_font_size=\u00bb18px\u00bb link_text_color=\u00bb#407EC9&#8243; custom_margin=\u00bb||-3px|||\u00bb hover_enabled=\u00bb0&#8243; global_colors_info=\u00bb{}\u00bb sticky_enabled=\u00bb0&#8243;]<\/p>\n<p>Escuche c\u00f3mo se desarrolla el presupuesto y una descripci\u00f3n narrativa del presupuesto de 2026 por nuestro Canon para las Finanzas Diocesanas, el Reverendo Canon Michele Racusin, y nuestro Canon al Ordinario, el Reverendo Canon Sierra Reyes.<\/p>\n<p><strong>Recursos: <\/strong><\/p>\n<ul>\n<li><span class=\"Y2IQFc\" lang=\"es\"><a href=\"https:\/\/youtu.be\/OeJpMOs7934\" target=\"_blank\" rel=\"noopener\">Mira la reuni\u00f3n completa con traducci\u00f3n al espa\u00f1ol<\/a><\/span><\/li>\n<li><a href=\"https:\/\/www.diocalconvention.org\/wp-content\/uploads\/2025\/08\/2026-Budget-presentation-to-Diocese.pdf\" target=\"_blank\" rel=\"noopener\"><span class=\"Y2IQFc\" lang=\"es\">Ver las diapositivas en Ingl\u00e9s<\/span><\/a><\/li>\n<\/ul>\n<ul><\/ul>\n<p>[\/et_pb_text][\/et_pb_column][\/et_pb_row][et_pb_row column_structure=\u00bb1_2,1_2&#8243; _builder_version=\u00bb4.21.0&#8243; _module_preset=\u00bbdefault\u00bb global_colors_info=\u00bb{}\u00bb][et_pb_column type=\u00bb1_2&#8243; _builder_version=\u00bb4.21.0&#8243; _module_preset=\u00bbdefault\u00bb global_colors_info=\u00bb{}\u00bb][et_pb_video src=\u00bbhttps:\/\/youtu.be\/svj8wbONmPU\u00bb _builder_version=\u00bb4.27.2&#8243; _module_preset=\u00bbdefault\u00bb hover_enabled=\u00bb0&#8243; sticky_enabled=\u00bb0&#8243;][\/et_pb_video][et_pb_text _builder_version=\u00bb4.27.2&#8243; _module_preset=\u00bbdefault\u00bb custom_margin=\u00bb||16px|||\u00bb hover_enabled=\u00bb0&#8243; global_colors_info=\u00bb{}\u00bb sticky_enabled=\u00bb0&#8243;]<\/p>\n<h3 style=\"text-align: left;\"><strong>All-Deanery Resolutions Meeting<\/strong><\/h3>\n<p>[\/et_pb_text][et_pb_text _builder_version=\u00bb4.27.2&#8243; _module_preset=\u00bbdefault\u00bb text_font_size=\u00bb18px\u00bb link_text_color=\u00bb#407EC9&#8243; custom_margin=\u00bb||-3px|||\u00bb hover_enabled=\u00bb0&#8243; global_colors_info=\u00bb{}\u00bb sticky_enabled=\u00bb0&#8243;]<\/p>\n<p><span>Listen and hear folks clarifying questions about the resolutions and amendments to the constitution and canons that have been submitted to convention this year!<\/span><\/p>\n<p><strong>Resources: <\/strong><\/p>\n<ul>\n<li><a href=\"https:\/\/youtu.be\/svj8wbONmPU\" target=\"_blank\" rel=\"noopener\">Watch the full meeting in English<\/a><\/li>\n<li><a href=\"https:\/\/www.diocalconvention.org\/176-convention\/2025resolutions\/\" target=\"_blank\" rel=\"noopener\">View the resolutions<\/a><\/li>\n<\/ul>\n<ul><\/ul>\n<p>[\/et_pb_text][\/et_pb_column][et_pb_column type=\u00bb1_2&#8243; _builder_version=\u00bb4.21.0&#8243; _module_preset=\u00bbdefault\u00bb global_colors_info=\u00bb{}\u00bb][et_pb_video src=\u00bbhttps:\/\/youtu.be\/6_3Q_N_1UfQ\u00bb _builder_version=\u00bb4.27.2&#8243; _module_preset=\u00bbdefault\u00bb hover_enabled=\u00bb0&#8243; sticky_enabled=\u00bb0&#8243;][\/et_pb_video][et_pb_text _builder_version=\u00bb4.27.2&#8243; _module_preset=\u00bbdefault\u00bb custom_margin=\u00bb||16px|||\u00bb hover_enabled=\u00bb0&#8243; global_colors_info=\u00bb{}\u00bb sticky_enabled=\u00bb0&#8243;]<\/p>\n<h3 style=\"text-align: left;\"><strong>Reuni\u00f3n de resoluciones de todos los decanatos 2025<\/strong><\/h3>\n<p>[\/et_pb_text][et_pb_text _builder_version=\u00bb4.27.2&#8243; _module_preset=\u00bbdefault\u00bb text_font_size=\u00bb18px\u00bb link_text_color=\u00bb#407EC9&#8243; custom_margin=\u00bb||-3px|||\u00bb hover_enabled=\u00bb0&#8243; global_colors_info=\u00bb{}\u00bb sticky_enabled=\u00bb0&#8243;]<\/p>\n<p><span>\u00a1Escuche y escuche a la gente aclarando preguntas sobre las resoluciones y enmiendas a la constituci\u00f3n y los c\u00e1nones que se han presentado a la convenci\u00f3n este a\u00f1o!<\/span><\/p>\n<p><strong>Recursos: <\/strong><\/p>\n<ul>\n<li><span class=\"Y2IQFc\" lang=\"es\"><a href=\"https:\/\/youtu.be\/6_3Q_N_1UfQ\" target=\"_blank\" rel=\"noopener\">Mira la reuni\u00f3n completa con traducci\u00f3n al espa\u00f1ol<\/a><\/span><\/li>\n<li><a href=\"https:\/\/www.diocalconvention.org\/es\/176-convention\/resoluciones-25\/\" target=\"_blank\" rel=\"noopener\"><span class=\"Y2IQFc\" lang=\"es\">Ver las resoluciones en espa\u00f1ol<\/span><\/a><\/li>\n<\/ul>\n<ul><\/ul>\n<p>[\/et_pb_text][\/et_pb_column][\/et_pb_row][\/et_pb_section]<\/p>\n","protected":false},"excerpt":{"rendered":"<p>2025 All-deanery meetings &nbsp;All-Deanery Budget MeetingHear how the budget is developed and a narrative overview of the 2026 budget by our Canon for Diocesan Finance, the Rev. Canon Michele Racusin, [&hellip;]<\/p>\n","protected":false},"author":3,"featured_media":0,"parent":4515,"menu_order":0,"comment_status":"open","ping_status":"closed","template":"","meta":{"_et_pb_use_builder":"on","_et_pb_old_content":"","_et_gb_content_width":"","footnotes":""},"class_list":["post-3811","page","type-page","status-publish","hentry"],"featured_image_src":null,"featured_image_src_square":null,"jetpack_sharing_enabled":true,"_links":{"self":[{"href":"https:\/\/www.diocalconvention.org\/es\/wp-json\/wp\/v2\/pages\/3811","targetHints":{"allow":["GET"]}}],"collection":[{"href":"https:\/\/www.diocalconvention.org\/es\/wp-json\/wp\/v2\/pages"}],"about":[{"href":"https:\/\/www.diocalconvention.org\/es\/wp-json\/wp\/v2\/types\/page"}],"author":[{"embeddable":true,"href":"https:\/\/www.diocalconvention.org\/es\/wp-json\/wp\/v2\/users\/3"}],"replies":[{"embeddable":true,"href":"https:\/\/www.diocalconvention.org\/es\/wp-json\/wp\/v2\/comments?post=3811"}],"version-history":[{"count":17,"href":"https:\/\/www.diocalconvention.org\/es\/wp-json\/wp\/v2\/pages\/3811\/revisions"}],"predecessor-version":[{"id":5133,"href":"https:\/\/www.diocalconvention.org\/es\/wp-json\/wp\/v2\/pages\/3811\/revisions\/5133"}],"up":[{"embeddable":true,"href":"https:\/\/www.diocalconvention.org\/es\/wp-json\/wp\/v2\/pages\/4515"}],"wp:attachment":[{"href":"https:\/\/www.diocalconvention.org\/es\/wp-json\/wp\/v2\/media?parent=3811"}],"curies":[{"name":"wp","href":"https:\/\/api.w.org\/{rel}","templated":true}]}}